
{"id":37843,"date":"2023-04-12T13:34:59","date_gmt":"2023-04-12T13:34:59","guid":{"rendered":"https:\/\/marketac.eu\/?page_id=37843"},"modified":"2023-11-02T14:55:44","modified_gmt":"2023-11-02T14:55:44","slug":"fonds-regional-dorganisation-du-marche-du-poisson-from-nord","status":"publish","type":"page","link":"https:\/\/marketac.eu\/es\/membership\/fonds-regional-dorganisation-du-marche-du-poisson-from-nord\/","title":{"rendered":"Fonds R\u00e9gional d\u2019Organisation du March\u00e9 du Poisson (FROM Nord)"},"content":{"rendered":"\t\t<div data-elementor-type=\"wp-page\" data-elementor-id=\"37843\" class=\"elementor elementor-37843 elementor-37829\" data-elementor-post-type=\"page\">\n\t\t\t\t\t\t<section class=\"elementor-section elementor-top-section elementor-element elementor-element-4e4c5267 elementor-section-boxed elementor-section-height-default elementor-section-height-default\" data-id=\"4e4c5267\" data-element_type=\"section\" data-e-type=\"section\" data-settings=\"{&quot;pix_scale_in&quot;:&quot;none&quot;}\">\n\t\t\t\t\t\t<div class=\"elementor-container elementor-column-gap-default\">\n\t\t\t\t\t<div class=\"elementor-column elementor-col-100 elementor-top-column elementor-element elementor-element-30305eac\" data-id=\"30305eac\" data-element_type=\"column\" data-e-type=\"column\" data-settings=\"{&quot;pix_scale_in&quot;:&quot;none&quot;}\">\n\t\t\t<div class=\"elementor-widget-wrap elementor-element-populated\">\n\t\t\t\t\t\t<div class=\"elementor-element elementor-element-19cc054 elementor-position-top elementor-widget elementor-widget-image-box\" data-id=\"19cc054\" data-element_type=\"widget\" data-e-type=\"widget\" data-widget_type=\"image-box.default\">\n\t\t\t\t<div class=\"elementor-widget-container\">\n\t\t\t\t\t<div class=\"elementor-image-box-wrapper\"><figure class=\"elementor-image-box-img\"><img decoding=\"async\" width=\"251\" height=\"89\" src=\"https:\/\/marketac.eu\/wp-content\/uploads\/2023\/07\/logo.png\" class=\"attachment-full size-full wp-image-39246\" alt=\"\" \/><\/figure><\/div>\t\t\t\t<\/div>\n\t\t\t\t<\/div>\n\t\t\t\t<div class=\"elementor-element elementor-element-168e9cfc elementor-widget elementor-widget-Table\" data-id=\"168e9cfc\" data-element_type=\"widget\" data-e-type=\"widget\" data-widget_type=\"Table.default\">\n\t\t\t\t<div class=\"elementor-widget-container\">\n\t\t\t\t\t\t\t<table class=\"tafe-table \">\n\t\t\t<thead  class=\"tafe-table-header\">\n\t\t\t\t<tr>\n\t\t\t\t\t<th class=\"elementor-inline-editing elementor-repeater-item-f7bb1ad\"   ><\/th><th class=\"elementor-inline-editing elementor-repeater-item-d1cf98c\"   >Fonds R\u00e9gional d\u2019Organisation du March\u00e9 du Poisson (FROM Nord)<\/th>\t\t\t\t<\/tr>\n\t\t\t<\/thead>\n\t\t\t\t\t\t<tbody class=\"tafe-table-body\">\n\t\t\t\t<tr>\n\t\t\t\t\t<\/tr><tr><td data-label=\"\"   class=\"elementor-repeater-item-2b7c7c1 td-content-type-default\" >Persona responsable<\/td><td data-label=\"Fonds R\u00e9gional d\u2019Organisation du March\u00e9 du Poisson (FROM Nord)\"   class=\"elementor-repeater-item-af50c1d td-content-type-default\" ><strong style=\"color: #3ca7a4\">President:<\/strong> <\/br>\nAntoine Dhellemmes<\/td><\/tr><tr><td data-label=\"\"   class=\"elementor-repeater-item-4f2f51c td-content-type-default\" >Representante principal:<\/td><td data-label=\"Fonds R\u00e9gional d\u2019Organisation du March\u00e9 du Poisson (FROM Nord)\"   class=\"elementor-repeater-item-2afe712 td-content-type-default\" >Arthur Yon<\/td><\/tr><tr><td data-label=\"\"   class=\"elementor-repeater-item-eb525f4 td-content-type-default\" >Direcci\u00f3n:<\/td><td data-label=\"Fonds R\u00e9gional d\u2019Organisation du March\u00e9 du Poisson (FROM Nord)\"   class=\"elementor-repeater-item-f4049b0 td-content-type-default\" >16 rue du Commandant Charcot, CS 10381, 62200 Boulogne sur Mer, France<\/td><\/tr><tr><td data-label=\"\"   class=\"elementor-repeater-item-52861fe td-content-type-default\" >Correo eletr\u00f3nico:<\/td><td data-label=\"Fonds R\u00e9gional d\u2019Organisation du March\u00e9 du Poisson (FROM Nord)\"   class=\"elementor-repeater-item-2cb4cfe td-content-type-default\" ><a href=\"mailto:op@fromnord.fr\">op@fromnord.fr<\/a><\/br><\/td><\/tr><tr><td data-label=\"\"   class=\"elementor-repeater-item-c21700f td-content-type-default\" >Sitio web:<\/td><td data-label=\"Fonds R\u00e9gional d\u2019Organisation du March\u00e9 du Poisson (FROM Nord)\"   class=\"elementor-repeater-item-cee8042 td-content-type-default\" ><a href=\"http:\/\/www.fromnord.fr\/\" rel=\"noopener\" target=\"_blank\">http:\/\/www.fromnord.fr\/<\/a><\/br><\/td>\t\t\t\t<\/tr>\n\t\t\t<\/tbody>\n\t\t<\/table>\n\t\t\n\t\t\t\t\t\t<\/div>\n\t\t\t\t<\/div>\n\t\t\t\t<div class=\"elementor-element elementor-element-59c6212f elementor-widget elementor-widget-pix-button\" data-id=\"59c6212f\" data-element_type=\"widget\" data-e-type=\"widget\" data-widget_type=\"pix-button.default\">\n\t\t\t\t<div class=\"elementor-widget-container\">\n\t\t\t\t\t<div class=\"d-block w-100 text-center\"><a  href=\"https:\/\/marketac.eu\/es\/membership\/\" class=\"btn m-0      btn-primary d-inline-flex align-items-center      pix-btn-div btn-md\"     ><svg class=\"pixfort-icon font-weight-bold   mr-2\" width=\"24\" height=\"24\"  data-name=\"Line\/pixfort-icon-arrow-left-circle-1\" viewBox=\"2 2 20 20\"><path fill=\"none\" stroke=\"var(--pf-icon-color)\" stroke-linecap=\"round\" stroke-linejoin=\"round\" stroke-width=\"var(--pf-icon-stroke-width)\" d=\"M12,21 C16.9705627,21 21,16.9705627 21,12 C21,7.02943725 16.9705627,3 12,3 C7.02943725,3 3,7.02943725 3,12 C3,16.9705627 7.02943725,21 12,21 Z M8,12 L17,12 M12,17 L7,12 L12,7\"\/><\/svg><span class=\"font-weight-bold \" >Volver a miembros<\/span><\/a><\/div>\t\t\t\t<\/div>\n\t\t\t\t<\/div>\n\t\t\t\t\t<\/div>\n\t\t<\/div>\n\t\t\t\t\t<\/div>\n\t\t<\/section>\n\t\t\t\t<\/div>\n\t\t","protected":false},"excerpt":{"rendered":"<p>Fonds R\u00e9gional d\u2019Organisation du March\u00e9 du Poisson (FROM Nord) Persona responsable President: Antoine Dhellemmes Representante principal: Arthur Yon Direcci\u00f3n: 16 rue du Commandant Charcot, CS 10381, 62200 Boulogne sur Mer, France Correo eletr\u00f3nico: op@fromnord.fr Sitio web: http:\/\/www.fromnord.fr\/ Volver a miembros<\/p>\n","protected":false},"author":2,"featured_media":0,"parent":24377,"menu_order":0,"comment_status":"closed","ping_status":"closed","template":"","meta":{"footnotes":""},"class_list":["post-37843","page","type-page","status-publish","hentry"],"_links":{"self":[{"href":"https:\/\/marketac.eu\/es\/wp-json\/wp\/v2\/pages\/37843","targetHints":{"allow":["GET"]}}],"collection":[{"href":"https:\/\/marketac.eu\/es\/wp-json\/wp\/v2\/pages"}],"about":[{"href":"https:\/\/marketac.eu\/es\/wp-json\/wp\/v2\/types\/page"}],"author":[{"embeddable":true,"href":"https:\/\/marketac.eu\/es\/wp-json\/wp\/v2\/users\/2"}],"replies":[{"embeddable":true,"href":"https:\/\/marketac.eu\/es\/wp-json\/wp\/v2\/comments?post=37843"}],"version-history":[{"count":12,"href":"https:\/\/marketac.eu\/es\/wp-json\/wp\/v2\/pages\/37843\/revisions"}],"predecessor-version":[{"id":40394,"href":"https:\/\/marketac.eu\/es\/wp-json\/wp\/v2\/pages\/37843\/revisions\/40394"}],"up":[{"embeddable":true,"href":"https:\/\/marketac.eu\/es\/wp-json\/wp\/v2\/pages\/24377"}],"wp:attachment":[{"href":"https:\/\/marketac.eu\/es\/wp-json\/wp\/v2\/media?parent=37843"}],"curies":[{"name":"wp","href":"https:\/\/api.w.org\/{rel}","templated":true}]}}